{"version":"1.0","provider_name":"Fahrettin Y\u0131lmaz","provider_url":"https:\/\/www.fahrettinyilmaz.com\/de\/","author_name":"admin","author_url":"https:\/\/www.fahrettinyilmaz.com\/de\/author\/admin\/","title":"H\u00c4UFIG GESTELLTE FRAGEN ZUR NASEN\u00c4STHETIK - Fahrettin Y\u0131lmaz","type":"rich","width":600,"height":338,"html":"<blockquote class=\"wp-embedded-content\" data-secret=\"fjYHLoAtQP\"><a href=\"https:\/\/www.fahrettinyilmaz.com\/de\/nase\/haeufig-gestellte-fragen-zur-nasenaesthetik\/\">H\u00c4UFIG GESTELLTE FRAGEN ZUR NASEN\u00c4STHETIK<\/a><\/blockquote><iframe sandbox=\"allow-scripts\" security=\"restricted\" src=\"https:\/\/www.fahrettinyilmaz.com\/de\/nase\/haeufig-gestellte-fragen-zur-nasenaesthetik\/embed\/#?secret=fjYHLoAtQP\" width=\"600\" height=\"338\" title=\"&#8222;H\u00c4UFIG GESTELLTE FRAGEN ZUR NASEN\u00c4STHETIK&#8220; &#8211; Fahrettin Y\u0131lmaz\" data-secret=\"fjYHLoAtQP\" frameborder=\"0\" marginwidth=\"0\" marginheight=\"0\" scrolling=\"no\" class=\"wp-embedded-content\"><\/iframe><script type=\"text\/javascript\">\n\/* <![CDATA[ *\/\n\/*! This file is auto-generated *\/\n!function(d,l){\"use strict\";l.querySelector&&d.addEventListener&&\"undefined\"!=typeof URL&&(d.wp=d.wp||{},d.wp.receiveEmbedMessage||(d.wp.receiveEmbedMessage=function(e){var t=e.data;if((t||t.secret||t.message||t.value)&&!\/[^a-zA-Z0-9]\/.test(t.secret)){for(var s,r,n,a=l.querySelectorAll('iframe[data-secret=\"'+t.secret+'\"]'),o=l.querySelectorAll('blockquote[data-secret=\"'+t.secret+'\"]'),c=new RegExp(\"^https?:$\",\"i\"),i=0;i<o.length;i++)o[i].style.display=\"none\";for(i=0;i<a.length;i++)s=a[i],e.source===s.contentWindow&&(s.removeAttribute(\"style\"),\"height\"===t.message?(1e3<(r=parseInt(t.value,10))?r=1e3:~~r<200&&(r=200),s.height=r):\"link\"===t.message&&(r=new URL(s.getAttribute(\"src\")),n=new URL(t.value),c.test(n.protocol))&&n.host===r.host&&l.activeElement===s&&(d.top.location.href=t.value))}},d.addEventListener(\"message\",d.wp.receiveEmbedMessage,!1),l.addEventListener(\"DOMContentLoaded\",function(){for(var e,t,s=l.querySelectorAll(\"iframe.wp-embedded-content\"),r=0;r<s.length;r++)(t=(e=s[r]).getAttribute(\"data-secret\"))||(t=Math.random().toString(36).substring(2,12),e.src+=\"#?secret=\"+t,e.setAttribute(\"data-secret\",t)),e.contentWindow.postMessage({message:\"ready\",secret:t},\"*\")},!1)))}(window,document);\n\/\/# sourceURL=https:\/\/www.fahrettinyilmaz.com\/wp-includes\/js\/wp-embed.min.js\n\/* ]]> *\/\n<\/script>\n","thumbnail_url":"https:\/\/www.fahrettinyilmaz.com\/wp-content\/uploads\/2023\/12\/burun-estetik-sss.webp","thumbnail_width":631,"thumbnail_height":420,"description":"Wie lange dauert eine Nasenkorrektur? Die Operation dauert durchschnittlich 3 Stunden. Dieser Zeitraum ist bei schweren Revisionsoperationen l\u00e4nger. Wie ist der Genesungsprozess nach einer Nasenkorrektur? Bluterg\u00fcsse und Schwellungen treten in der Regel nicht unmittelbar nach der Operation auf. Prellungen und Schwellungen bilden sich langsam einige Stunden nach der Operation und erreichen am zweiten Tag ihren [...]"}