{"version":"1.0","provider_name":"Fahrettin Y\u0131lmaz","provider_url":"https:\/\/www.fahrettinyilmaz.com\/de\/","author_name":"admin","author_url":"https:\/\/www.fahrettinyilmaz.com\/de\/author\/admin\/","title":"KRANKHEITEN DER SALADELDR\u00dcSE - Fahrettin Y\u0131lmaz","type":"rich","width":600,"height":338,"html":"<blockquote class=\"wp-embedded-content\" data-secret=\"4qqh37rL9L\"><a href=\"https:\/\/www.fahrettinyilmaz.com\/de\/kopf-hals\/krankheiten-der-saladeldruese\/\">KRANKHEITEN DER SALADELDR\u00dcSE<\/a><\/blockquote><iframe sandbox=\"allow-scripts\" security=\"restricted\" src=\"https:\/\/www.fahrettinyilmaz.com\/de\/kopf-hals\/krankheiten-der-saladeldruese\/embed\/#?secret=4qqh37rL9L\" width=\"600\" height=\"338\" title=\"&#8222;KRANKHEITEN DER SALADELDR\u00dcSE&#8220; &#8211; Fahrettin Y\u0131lmaz\" data-secret=\"4qqh37rL9L\" frameborder=\"0\" marginwidth=\"0\" marginheight=\"0\" scrolling=\"no\" class=\"wp-embedded-content\"><\/iframe><script type=\"text\/javascript\">\n\/* <![CDATA[ *\/\n\/*! This file is auto-generated *\/\n!function(d,l){\"use strict\";l.querySelector&&d.addEventListener&&\"undefined\"!=typeof URL&&(d.wp=d.wp||{},d.wp.receiveEmbedMessage||(d.wp.receiveEmbedMessage=function(e){var t=e.data;if((t||t.secret||t.message||t.value)&&!\/[^a-zA-Z0-9]\/.test(t.secret)){for(var s,r,n,a=l.querySelectorAll('iframe[data-secret=\"'+t.secret+'\"]'),o=l.querySelectorAll('blockquote[data-secret=\"'+t.secret+'\"]'),c=new RegExp(\"^https?:$\",\"i\"),i=0;i<o.length;i++)o[i].style.display=\"none\";for(i=0;i<a.length;i++)s=a[i],e.source===s.contentWindow&&(s.removeAttribute(\"style\"),\"height\"===t.message?(1e3<(r=parseInt(t.value,10))?r=1e3:~~r<200&&(r=200),s.height=r):\"link\"===t.message&&(r=new URL(s.getAttribute(\"src\")),n=new URL(t.value),c.test(n.protocol))&&n.host===r.host&&l.activeElement===s&&(d.top.location.href=t.value))}},d.addEventListener(\"message\",d.wp.receiveEmbedMessage,!1),l.addEventListener(\"DOMContentLoaded\",function(){for(var e,t,s=l.querySelectorAll(\"iframe.wp-embedded-content\"),r=0;r<s.length;r++)(t=(e=s[r]).getAttribute(\"data-secret\"))||(t=Math.random().toString(36).substring(2,12),e.src+=\"#?secret=\"+t,e.setAttribute(\"data-secret\",t)),e.contentWindow.postMessage({message:\"ready\",secret:t},\"*\")},!1)))}(window,document);\n\/\/# sourceURL=https:\/\/www.fahrettinyilmaz.com\/wp-includes\/js\/wp-embed.min.js\n\/* ]]> *\/\n<\/script>\n","thumbnail_url":"https:\/\/www.fahrettinyilmaz.com\/wp-content\/uploads\/2023\/12\/12-1.webp","thumbnail_width":739,"thumbnail_height":416,"description":"Die Hauptspeicheldr\u00fcsen unseres K\u00f6rpers befinden sich vor beiden Ohren, unter dem Kinn und unter der Zunge. Abgesehen davon gibt es Hunderte von kleinen Speicheldr\u00fcsen, die weit in der Mundschleimhaut liegen. Die Speicheldr\u00fcsen produzieren etwa 1-1,5 Liter Speichel pro Tag. Die bekanntesten Erkrankungen der Speicheldr\u00fcsen sind Speicheldr\u00fcsenentz\u00fcndungen, Speicheldr\u00fcsensteine \u200b\u200bund Tumore."}